{"id":372,"date":"2026-02-26T14:59:20","date_gmt":"2026-02-26T13:59:20","guid":{"rendered":"https:\/\/eltaxi033.com\/cadiz\/?page_id=372"},"modified":"2026-03-10T14:09:25","modified_gmt":"2026-03-10T13:09:25","slug":"taxi-vejer","status":"publish","type":"page","link":"https:\/\/eltaxi033.com\/cadiz\/taxi-vejer\/","title":{"rendered":"Taxi Vejer de la Frontera"},"content":{"rendered":"\t\t<div data-elementor-type=\"wp-page\" data-elementor-id=\"372\" class=\"elementor elementor-372\" data-elementor-post-type=\"page\">\n\t\t\t\t<div class=\"elementor-element elementor-element-53e7329 elementor-hidden-tablet elementor-hidden-mobile e-flex e-con-boxed e-con e-parent\" data-id=\"53e7329\" data-element_type=\"container\" data-settings=\"{&quot;background_background&quot;:&quot;classic&quot;}\">\n\t\t\t\t\t<div class=\"e-con-inner\">\n\t\t\t\t<div class=\"elementor-element elementor-element-373fd9f elementor-widget elementor-widget-heading\" data-id=\"373fd9f\" data-element_type=\"widget\" data-settings=\"{&quot;_animation&quot;:&quot;none&quot;}\" data-widget_type=\"heading.default\">\n\t\t\t\t\t<h1 class=\"elementor-heading-title elementor-size-xxl\">Taxi Vejer de la Frontera<\/h1>\t\t\t\t<\/div>\n\t\t\t\t<div class=\"elementor-element elementor-element-f166d0a elementor-widget elementor-widget-heading\" data-id=\"f166d0a\" data-element_type=\"widget\" data-settings=\"{&quot;_animation&quot;:&quot;none&quot;}\" data-widget_type=\"heading.default\">\n\t\t\t\t\t<p class=\"elementor-heading-title elementor-size-large\"><a href=\"tel:856626033\">Taxi C\u00e1diz Tel\u00e9fono: 856 626 033<\/a><\/p>\t\t\t\t<\/div>\n\t\t<div class=\"elementor-element elementor-element-f8cb2b8 e-flex e-con-boxed e-con e-child\" data-id=\"f8cb2b8\" data-element_type=\"container\" data-settings=\"{&quot;animation&quot;:&quot;none&quot;}\">\n\t\t\t\t\t<div class=\"e-con-inner\">\n\t\t<div class=\"elementor-element elementor-element-7b2a571 e-flex e-con-boxed e-con e-child\" data-id=\"7b2a571\" data-element_type=\"container\">\n\t\t\t\t\t<div class=\"e-con-inner\">\n\t\t\t\t<div class=\"elementor-element elementor-element-3597909 elementor-align-center elementor-widget elementor-widget-button\" data-id=\"3597909\" data-element_type=\"widget\" data-widget_type=\"button.default\">\n\t\t\t\t\t\t\t\t\t\t<a class=\"elementor-button elementor-button-link elementor-size-xl\" href=\"tel:\/\/856626033\">\n\t\t\t\t\t\t<span class=\"elementor-button-content-wrapper\">\n\t\t\t\t\t\t<span class=\"elementor-button-icon\">\n\t\t\t\t<svg aria-hidden=\"true\" class=\"e-font-icon-svg e-fas-phone-volume\" viewBox=\"0 0 384 512\" xmlns=\"http:\/\/www.w3.org\/2000\/svg\"><path d=\"M97.333 506.966c-129.874-129.874-129.681-340.252 0-469.933 5.698-5.698 14.527-6.632 21.263-2.422l64.817 40.513a17.187 17.187 0 0 1 6.849 20.958l-32.408 81.021a17.188 17.188 0 0 1-17.669 10.719l-55.81-5.58c-21.051 58.261-20.612 122.471 0 179.515l55.811-5.581a17.188 17.188 0 0 1 17.669 10.719l32.408 81.022a17.188 17.188 0 0 1-6.849 20.958l-64.817 40.513a17.19 17.19 0 0 1-21.264-2.422zM247.126 95.473c11.832 20.047 11.832 45.008 0 65.055-3.95 6.693-13.108 7.959-18.718 2.581l-5.975-5.726c-3.911-3.748-4.793-9.622-2.261-14.41a32.063 32.063 0 0 0 0-29.945c-2.533-4.788-1.65-10.662 2.261-14.41l5.975-5.726c5.61-5.378 14.768-4.112 18.718 2.581zm91.787-91.187c60.14 71.604 60.092 175.882 0 247.428-4.474 5.327-12.53 5.746-17.552.933l-5.798-5.557c-4.56-4.371-4.977-11.529-.93-16.379 49.687-59.538 49.646-145.933 0-205.422-4.047-4.85-3.631-12.008.93-16.379l5.798-5.557c5.022-4.813 13.078-4.394 17.552.933zm-45.972 44.941c36.05 46.322 36.108 111.149 0 157.546-4.39 5.641-12.697 6.251-17.856 1.304l-5.818-5.579c-4.4-4.219-4.998-11.095-1.285-15.931 26.536-34.564 26.534-82.572 0-117.134-3.713-4.836-3.115-11.711 1.285-15.931l5.818-5.579c5.159-4.947 13.466-4.337 17.856 1.304z\"><\/path><\/svg>\t\t\t<\/span>\n\t\t\t\t\t\t\t\t\t<span class=\"elementor-button-text\">Pide tu taxi ahora<\/span>\n\t\t\t\t\t<\/span>\n\t\t\t\t\t<\/a>\n\t\t\t\t\t\t\t\t<\/div>\n\t\t\t\t\t<\/div>\n\t\t\t\t<\/div>\n\t\t<div class=\"elementor-element elementor-element-15cbe85 e-flex e-con-boxed e-con e-child\" data-id=\"15cbe85\" data-element_type=\"container\">\n\t\t\t\t\t<div class=\"e-con-inner\">\n\t\t\t\t<div class=\"elementor-element elementor-element-ecf1df3 elementor-align-center elementor-widget elementor-widget-button\" data-id=\"ecf1df3\" data-element_type=\"widget\" data-widget_type=\"button.default\">\n\t\t\t\t\t\t\t\t\t\t<a class=\"elementor-button elementor-button-link elementor-size-xl\" href=\"https:\/\/wa.me\/34856626033\" target=\"_blank\" rel=\"noopener\">\n\t\t\t\t\t\t<span class=\"elementor-button-content-wrapper\">\n\t\t\t\t\t\t<span class=\"elementor-button-icon\">\n\t\t\t\t<svg aria-hidden=\"true\" class=\"e-font-icon-svg e-fab-whatsapp\" viewBox=\"0 0 448 512\" xmlns=\"http:\/\/www.w3.org\/2000\/svg\"><path d=\"M380.9 97.1C339 55.1 283.2 32 223.9 32c-122.4 0-222 99.6-222 222 0 39.1 10.2 77.3 29.6 111L0 480l117.7-30.9c32.4 17.7 68.9 27 106.1 27h.1c122.3 0 224.1-99.6 224.1-222 0-59.3-25.2-115-67.1-157zm-157 341.6c-33.2 0-65.7-8.9-94-25.7l-6.7-4-69.8 18.3L72 359.2l-4.4-7c-18.5-29.4-28.2-63.3-28.2-98.2 0-101.7 82.8-184.5 184.6-184.5 49.3 0 95.6 19.2 130.4 54.1 34.8 34.9 56.2 81.2 56.1 130.5 0 101.8-84.9 184.6-186.6 184.6zm101.2-138.2c-5.5-2.8-32.8-16.2-37.9-18-5.1-1.9-8.8-2.8-12.5 2.8-3.7 5.6-14.3 18-17.6 21.8-3.2 3.7-6.5 4.2-12 1.4-32.6-16.3-54-29.1-75.5-66-5.7-9.8 5.7-9.1 16.3-30.3 1.8-3.7.9-6.9-.5-9.7-1.4-2.8-12.5-30.1-17.1-41.2-4.5-10.8-9.1-9.3-12.5-9.5-3.2-.2-6.9-.2-10.6-.2-3.7 0-9.7 1.4-14.8 6.9-5.1 5.6-19.4 19-19.4 46.3 0 27.3 19.9 53.7 22.6 57.4 2.8 3.7 39.1 59.7 94.8 83.8 35.2 15.2 49 16.5 66.6 13.9 10.7-1.6 32.8-13.4 37.4-26.4 4.6-13 4.6-24.1 3.2-26.4-1.3-2.5-5-3.9-10.5-6.6z\"><\/path><\/svg>\t\t\t<\/span>\n\t\t\t\t\t\t\t\t\t<span class=\"elementor-button-text\">Tu taxi Whatsapp<\/span>\n\t\t\t\t\t<\/span>\n\t\t\t\t\t<\/a>\n\t\t\t\t\t\t\t\t<\/div>\n\t\t\t\t\t<\/div>\n\t\t\t\t<\/div>\n\t\t\t\t\t<\/div>\n\t\t\t\t<\/div>\n\t\t\t\t\t<\/div>\n\t\t\t\t<\/div>\n\t\t<div class=\"elementor-element elementor-element-5163dfe e-flex e-con-boxed e-con e-parent\" data-id=\"5163dfe\" data-element_type=\"container\">\n\t\t\t\t\t<div class=\"e-con-inner\">\n\t\t\t\t<div class=\"elementor-element elementor-element-18c92a3 elementor-widget elementor-widget-heading\" data-id=\"18c92a3\" data-element_type=\"widget\" data-widget_type=\"heading.default\">\n\t\t\t\t\t<h2 class=\"elementor-heading-title elementor-size-xl\">Movilidad personalizada en Vejer durante todo el a\u00f1o<\/h2>\t\t\t\t<\/div>\n\t\t\t\t<div class=\"elementor-element elementor-element-90d7169 elementor-widget elementor-widget-text-editor\" data-id=\"90d7169\" data-element_type=\"widget\" data-widget_type=\"text-editor.default\">\n\t\t\t\t\t\t\t\t\t<p data-start=\"57\" data-end=\"454\">En Vejer no todos los trayectos son \u201cde A a B\u201d y ya. Aqu\u00ed influye el casco hist\u00f3rico, las cuestas, los accesos a urbanizaciones y el t\u00edpico \u201cllego tarde y no encuentro d\u00f3nde aparcar\u201d. Por eso, en ElTaxi 033 trabajamos con un enfoque muy pr\u00e1ctico: <strong data-start=\"304\" data-end=\"327\">recogidas puntuales<\/strong>, rutas pensadas para tu situaci\u00f3n y un servicio c\u00f3modo tanto si te mueves por el centro como si est\u00e1s alojado a las afueras.<\/p><p data-start=\"456\" data-end=\"920\">\u00bfVienes con maletas, carrito de beb\u00e9 o vienes cargado despu\u00e9s de un d\u00eda de playa? Nos adaptamos al plan real, no al ideal. Puedes pedirnos un traslado corto para ir a una cita, al m\u00e9dico, a comprar o a una comida en el pueblo\u2026 o uno m\u00e1s largo para enlazar con otros municipios. Y si eres de los que prefieren dejarlo cerrado, lo mejor es <strong data-start=\"794\" data-end=\"821\">reservar con antelaci\u00f3n<\/strong>: as\u00ed coordinamos hora, punto exacto y cualquier detalle (equipaje, peques, paradas intermedias).<\/p><p data-start=\"922\" data-end=\"1025\">La idea es simple: que moverte por Vejer sea f\u00e1cil, incluso en d\u00edas de calor, tr\u00e1fico o temporada alta.<\/p>\t\t\t\t\t\t\t\t<\/div>\n\t\t\t\t\t<\/div>\n\t\t\t\t<\/div>\n\t\t<div class=\"elementor-element elementor-element-1d3a2f7 e-flex e-con-boxed e-con e-parent\" data-id=\"1d3a2f7\" data-element_type=\"container\" data-settings=\"{&quot;animation&quot;:&quot;none&quot;}\">\n\t\t\t\t\t<div class=\"e-con-inner\">\n\t\t\t\t<div class=\"elementor-element elementor-element-a0aa649 elementor-widget elementor-widget-heading\" data-id=\"a0aa649\" data-element_type=\"widget\" data-widget_type=\"heading.default\">\n\t\t\t\t\t<h2 class=\"elementor-heading-title elementor-size-default\">Acceso directo a pedan\u00edas y playas cercanas<\/h2>\t\t\t\t<\/div>\n\t\t\t\t<div class=\"elementor-element elementor-element-aaee443 elementor-widget elementor-widget-image\" data-id=\"aaee443\" data-element_type=\"widget\" data-widget_type=\"image.default\">\n\t\t\t\t\t\t\t\t\t\t\t\t\t\t\t<img decoding=\"async\" src=\"https:\/\/eltaxi033.com\/cadiz\/wp-content\/uploads\/sites\/11\/elementor\/thumbs\/ok-playa-de-la-barrosa-rjl452uy28sebpbpiqdw4ykho939snqxu3cj23cako.webp\" title=\"ok playa de la barrosa\" alt=\"ok playa de la barrosa\" loading=\"lazy\" \/>\t\t\t\t\t\t\t\t\t\t\t\t\t\t\t<\/div>\n\t\t\t\t<div class=\"elementor-element elementor-element-84926f0 elementor-widget elementor-widget-text-editor\" data-id=\"84926f0\" data-element_type=\"widget\" data-widget_type=\"text-editor.default\">\n\t\t\t\t\t\t\t\t\t<p data-start=\"1080\" data-end=\"1526\">Vejer y sus alrededores tienen algo en com\u00fan: cuando hay buen tiempo, todo el mundo se mueve a la vez. Y ah\u00ed es donde un traslado bien coordinado te salva el d\u00eda, sobre todo si est\u00e1s en pedan\u00edas, zonas rurales o cerca de la costa. Con ElTaxi 033 puedes organizar recogidas en puntos concretos (alojamientos, casas rurales, urbanizaciones) y llegar a playas cercanas sin depender del coche, del aparcamiento imposible o del \u201ca ver si pasa algo\u201d.<\/p><p data-start=\"1528\" data-end=\"1973\">Muchos viajeros se alojan entre el pueblo y la costa, y lo que m\u00e1s valoran es <strong data-start=\"1606\" data-end=\"1625\">la flexibilidad<\/strong>: ir a la playa por la ma\u00f1ana, volver a ducharse, salir a cenar y rematar la noche sin preocuparse por conducir. Tambi\u00e9n es muy t\u00edpico el plan familiar: sombrillas, nevera, mochilas, ni\u00f1os\u2026 y cero ganas de pelearse con el tr\u00e1fico. En esos casos, un servicio de taxi en la zona te permite moverte con m\u00e1s comodidad y, sobre todo, con tranquilidad.<\/p><p data-start=\"1975\" data-end=\"2136\">Si te apetece aprovechar el d\u00eda de verdad, lo ideal es reservar la recogida y la vuelta. As\u00ed tienes el plan cerrado y no te quedas colgado cuando m\u00e1s gente sale.<\/p>\t\t\t\t\t\t\t\t<\/div>\n\t\t\t\t\t<\/div>\n\t\t\t\t<\/div>\n\t\t<div class=\"elementor-element elementor-element-f9b35b0 e-flex e-con-boxed e-con e-parent\" data-id=\"f9b35b0\" data-element_type=\"container\" data-settings=\"{&quot;animation&quot;:&quot;none&quot;}\">\n\t\t\t\t\t<div class=\"e-con-inner\">\n\t\t<div class=\"elementor-element elementor-element-f0edc4f e-con-full e-flex e-con e-child\" data-id=\"f0edc4f\" data-element_type=\"container\">\n\t\t\t\t<div class=\"elementor-element elementor-element-3c388c7 elementor-widget elementor-widget-heading\" data-id=\"3c388c7\" data-element_type=\"widget\" data-widget_type=\"heading.default\">\n\t\t\t\t\t<h2 class=\"elementor-heading-title elementor-size-xl\">Conexi\u00f3n eficiente con aeropuertos y estaciones<\/h2>\t\t\t\t<\/div>\n\t\t\t\t<div class=\"elementor-element elementor-element-4d7d140 elementor-widget elementor-widget-text-editor\" data-id=\"4d7d140\" data-element_type=\"widget\" data-widget_type=\"text-editor.default\">\n\t\t\t\t\t\t\t\t\t<p data-start=\"2195\" data-end=\"2590\">Cuando tienes un vuelo o un tren, lo que no quieres es improvisar. Por eso, los traslados desde Vejer hacia aeropuertos y estaciones los planteamos con margen realista: hora de salida, tr\u00e1fico, posible retenci\u00f3n y el tiempo que necesitas para facturar o pasar controles (si aplica). En ElTaxi 033 organizamos estos trayectos pensando en que llegues con calma, no con el coraz\u00f3n en la garganta.<\/p><p data-start=\"2592\" data-end=\"2924\">Es un servicio muy habitual para escapadas, viajes de trabajo y familias que vuelan con maletas. Tambi\u00e9n para quienes se alojan en Vejer pero llegan en tren a estaciones de ciudades cercanas y necesitan el \u00faltimo tramo sin complicaciones. Aqu\u00ed el detalle importa: punto de recogida claro, comunicaci\u00f3n f\u00e1cil y un trayecto directo.<\/p><p data-start=\"2926\" data-end=\"3291\">Si viajas temprano o aterrizas tarde, la <strong data-start=\"2967\" data-end=\"2985\">reserva previa<\/strong> es tu mejor amiga: confirmas horario, indicas cu\u00e1ntos vais y si llevas equipaje especial. Y si tu plan cambia (porque los vuelos cambian, ya sabemos), lo ideal es avisarnos en cuanto puedas para reajustar la recogida. La meta es sencilla: que el enlace con tu transporte principal sea fluido y sin estr\u00e9s.<\/p>\t\t\t\t\t\t\t\t<\/div>\n\t\t\t\t<\/div>\n\t\t<div class=\"elementor-element elementor-element-310261c e-con-full elementor-hidden-mobile e-flex e-con e-child\" data-id=\"310261c\" data-element_type=\"container\">\n\t\t\t\t<div class=\"elementor-element elementor-element-945beea elementor-widget elementor-widget-image\" data-id=\"945beea\" data-element_type=\"widget\" data-widget_type=\"image.default\">\n\t\t\t\t\t\t\t\t\t\t\t\t\t\t\t<img fetchpriority=\"high\" decoding=\"async\" width=\"800\" height=\"534\" src=\"https:\/\/eltaxi033.com\/cadiz\/wp-content\/uploads\/sites\/11\/2026\/02\/ChatGPT-Image-19-feb-2026-15_09_36-1024x683.png\" class=\"attachment-large size-large wp-image-164\" alt=\"ChatGPT Image 19 feb 2026, 15 09 36\" srcset=\"https:\/\/eltaxi033.com\/cadiz\/wp-content\/uploads\/sites\/11\/2026\/02\/ChatGPT-Image-19-feb-2026-15_09_36-1024x683.png 1024w, https:\/\/eltaxi033.com\/cadiz\/wp-content\/uploads\/sites\/11\/2026\/02\/ChatGPT-Image-19-feb-2026-15_09_36-300x200.png 300w, https:\/\/eltaxi033.com\/cadiz\/wp-content\/uploads\/sites\/11\/2026\/02\/ChatGPT-Image-19-feb-2026-15_09_36-768x512.png 768w, https:\/\/eltaxi033.com\/cadiz\/wp-content\/uploads\/sites\/11\/2026\/02\/ChatGPT-Image-19-feb-2026-15_09_36.png 1536w\" sizes=\"(max-width: 800px) 100vw, 800px\" \/>\t\t\t\t\t\t\t\t\t\t\t\t\t\t\t<\/div>\n\t\t\t\t<\/div>\n\t\t\t\t\t<\/div>\n\t\t\t\t<\/div>\n\t\t<div class=\"elementor-element elementor-element-960ba43 e-flex e-con-boxed e-con e-parent\" data-id=\"960ba43\" data-element_type=\"container\" data-settings=\"{&quot;motion_fx_motion_fx_mouse&quot;:&quot;yes&quot;,&quot;animation&quot;:&quot;none&quot;}\">\n\t\t\t\t\t<div class=\"e-con-inner\">\n\t\t<div class=\"elementor-element elementor-element-78df8a2 e-con-full e-flex e-con e-child\" data-id=\"78df8a2\" data-element_type=\"container\">\n\t\t\t\t<div class=\"elementor-element elementor-element-13ff775 elementor-widget elementor-widget-heading\" data-id=\"13ff775\" data-element_type=\"widget\" data-widget_type=\"heading.default\">\n\t\t\t\t\t<p class=\"elementor-heading-title elementor-size-xl\">Traslados para turismo gastron\u00f3mico y rural<\/p>\t\t\t\t<\/div>\n\t\t\t\t<div class=\"elementor-element elementor-element-2e34ee1 elementor-widget elementor-widget-text-editor\" data-id=\"2e34ee1\" data-element_type=\"widget\" data-widget_type=\"text-editor.default\">\n\t\t\t\t\t\t\t\t\t<p data-start=\"3346\" data-end=\"3718\">Vejer se disfruta con tiempo\u2026 y con buen comer. Entre rutas gastron\u00f3micas, ventas, restaurantes y planes tranquilos por el entorno rural, lo \u00faltimo que apetece es estar pendiente del coche. Con nuestro servicio puedes moverte de forma c\u00f3moda para ir a comer, cenar o hacer una ruta por la zona sin preocuparte por aparcar, por la carretera de vuelta o por qui\u00e9n conduce.<\/p><p data-start=\"3720\" data-end=\"4046\">Aqu\u00ed hay un mont\u00f3n de planes t\u00edpicos: comida larga con sobremesa, cena con vino, una escapada a un mirador, una visita a una finca o un alojamiento rural en mitad de la tranquilidad. Y claro, en esas situaciones un taxi te da libertad: quedas con amigos, vas en pareja o en familia, y la vuelta es igual de f\u00e1cil que la ida.<\/p><p data-start=\"4048\" data-end=\"4390\">Adem\u00e1s, si vas con visitantes que no conocen la zona, tener un traslado coordinado evita l\u00edos de indicaciones, caminos poco iluminados o zonas donde el GPS se pone creativo. Nos dices tu idea (horarios, paradas, n\u00famero de personas) y lo planteamos de forma pr\u00e1ctica. Porque el turismo rural est\u00e1 para disfrutarlo, no para ir mirando el reloj.<\/p>\t\t\t\t\t\t\t\t<\/div>\n\t\t\t\t<\/div>\n\t\t\t\t\t<\/div>\n\t\t\t\t<\/div>\n\t\t<div class=\"elementor-element elementor-element-b222cd8 e-flex e-con-boxed e-con e-parent\" data-id=\"b222cd8\" data-element_type=\"container\">\n\t\t\t\t\t<div class=\"e-con-inner\">\n\t\t<div class=\"elementor-element elementor-element-06058a9 e-con-full e-flex e-con e-child\" data-id=\"06058a9\" data-element_type=\"container\">\n\t\t\t\t<div class=\"elementor-element elementor-element-796411a elementor-widget elementor-widget-image\" data-id=\"796411a\" data-element_type=\"widget\" data-settings=\"{&quot;_animation&quot;:&quot;none&quot;}\" data-widget_type=\"image.default\">\n\t\t\t\t\t\t\t\t\t\t\t\t\t\t\t<img decoding=\"async\" src=\"https:\/\/eltaxi033.com\/cadiz\/wp-content\/uploads\/sites\/11\/elementor\/thumbs\/ChatGPT-Image-23-feb-2026-11_41_23-rjl40732qfxzai6uwv4lb8erlyihqgibwgpq4onjew.png\" title=\"ChatGPT Image 23 feb 2026, 11 41 23\" alt=\"ChatGPT Image 23 feb 2026, 11 41 23\" loading=\"lazy\" \/>\t\t\t\t\t\t\t\t\t\t\t\t\t\t\t<\/div>\n\t\t\t\t<\/div>\n\t\t<div class=\"elementor-element elementor-element-ed40db2 e-con-full e-flex e-con e-child\" data-id=\"ed40db2\" data-element_type=\"container\" data-settings=\"{&quot;animation&quot;:&quot;none&quot;}\">\n\t\t\t\t<div class=\"elementor-element elementor-element-fca6bb3 elementor-widget elementor-widget-heading\" data-id=\"fca6bb3\" data-element_type=\"widget\" data-widget_type=\"heading.default\">\n\t\t\t\t\t<h2 class=\"elementor-heading-title elementor-size-default\">Movilidad entre Vejer, Conil y Barbate<\/h2>\t\t\t\t<\/div>\n\t\t\t\t<div class=\"elementor-element elementor-element-098867f elementor-widget elementor-widget-text-editor\" data-id=\"098867f\" data-element_type=\"widget\" data-widget_type=\"text-editor.default\">\n\t\t\t\t\t\t\t\t\t<p data-start=\"4440\" data-end=\"4835\">Hay mucha gente que se aloja en Vejer y se mueve a diario por Conil, Barbate y alrededores: playas, compras, excursiones, comida, tardeo\u2026 y vuelta. En temporada alta, adem\u00e1s, el tr\u00e1fico y el aparcamiento pueden convertir un trayecto sencillo en una mini aventura. Por eso, un servicio de taxi entre municipios te quita de encima lo m\u00e1s pesado: conducir, buscar sitio y calcular si llegas o no.<\/p><p data-start=\"4837\" data-end=\"5161\">En ElTaxi 033 hacemos estos traslados de forma directa y coordinada, tanto si vas a pasar el d\u00eda fuera como si solo necesitas un desplazamiento puntual. Es ideal para planes muy comunes: \u201cvamos a cenar a Conil\u201d, \u201cvamos a la playa a Barbate\u201d, \u201cquedamos con amigos y volvemos tarde\u201d, o \u201cnecesito llegar a una hora concreta\u201d.<\/p><p data-start=\"5163\" data-end=\"5440\">Y ojo, esto tambi\u00e9n aplica a viajes de trabajo, recados y citas: a veces simplemente no compensa mover el coche para un trayecto corto si sabes que vas a volver con prisas. Te recogemos donde est\u00e9s y listo. Cuanto m\u00e1s claro tengas el horario, mejor podemos ajustar el servicio.<\/p>\t\t\t\t\t\t\t\t<\/div>\n\t\t\t\t<\/div>\n\t\t\t\t\t<\/div>\n\t\t\t\t<\/div>\n\t\t<div class=\"elementor-element elementor-element-dce09ec e-flex e-con-boxed e-con e-parent\" data-id=\"dce09ec\" data-element_type=\"container\" data-settings=\"{&quot;animation&quot;:&quot;none&quot;}\">\n\t\t\t\t\t<div class=\"e-con-inner\">\n\t\t\t\t<div class=\"elementor-element elementor-element-0030921 elementor-widget elementor-widget-heading\" data-id=\"0030921\" data-element_type=\"widget\" data-widget_type=\"heading.default\">\n\t\t\t\t\t<h2 class=\"elementor-heading-title elementor-size-default\">Servicio para celebraciones y eventos privados<\/h2>\t\t\t\t<\/div>\n\t\t\t\t<div class=\"elementor-element elementor-element-6806797 elementor-widget elementor-widget-image\" data-id=\"6806797\" data-element_type=\"widget\" data-widget_type=\"image.default\">\n\t\t\t\t\t\t\t\t\t\t\t\t\t\t\t<img decoding=\"async\" src=\"https:\/\/eltaxi033.com\/cadiz\/wp-content\/uploads\/sites\/11\/elementor\/thumbs\/these-people-are-happy-celebrate-together-playing-with-sparklers-rooftop-group-young-beautiful-friends-scaled-rjmrttwuw8p1xahunr5444iqmayw71paskw6b9o818.jpg\" title=\"These people are happy to celebrate together. Playing with sparklers on the rooftop. Group of young beautiful friends\" alt=\"These people are happy to celebrate together. Playing with sparklers on the rooftop. Group of young beautiful friends\" loading=\"lazy\" \/>\t\t\t\t\t\t\t\t\t\t\t\t\t\t\t<\/div>\n\t\t\t\t<div class=\"elementor-element elementor-element-0887113 elementor-widget elementor-widget-text-editor\" data-id=\"0887113\" data-element_type=\"widget\" data-widget_type=\"text-editor.default\">\n\t\t\t\t\t\t\t\t\t<p data-start=\"5498\" data-end=\"5820\">Bodas, comuniones, cumplea\u00f1os, reuniones familiares, cenas de empresa\u2026 cuando hay un evento, todo el mundo quiere lo mismo: llegar a tiempo y volver sin preocupaciones. En Vejer y su entorno es muy habitual celebrar en fincas, restaurantes o espacios un poco apartados, y ah\u00ed un taxi bien coordinado marca la diferencia.<\/p><p data-start=\"5822\" data-end=\"6179\">Con ElTaxi 033 puedes organizar recogidas por horarios (por ejemplo, varios trayectos de llegada y varios de vuelta), planificar puntos de encuentro y evitar el \u201c\u00bfqui\u00e9n conduce?\u201d que siempre aparece cuando ya est\u00e1 todo el mundo con ganas de celebrar. Adem\u00e1s, para invitados que vienen de fuera, es comod\u00edsimo: salen del alojamiento, se suben y se olvidan.<\/p><p data-start=\"6181\" data-end=\"6559\">Si el evento termina tarde, lo ideal es reservar la vuelta para no depender de la disponibilidad del momento. Tambi\u00e9n puedes avisarnos si hay necesidades especiales: personas mayores, ni\u00f1os, equipaje o cambios de \u00faltima hora. Lo importante es que el transporte sea una parte resuelta del evento, no un problema m\u00e1s en la lista. T\u00fa celebras, nosotros nos encargamos del trayecto.<\/p>\t\t\t\t\t\t\t\t<\/div>\n\t\t\t\t\t<\/div>\n\t\t\t\t<\/div>\n\t\t<div class=\"elementor-element elementor-element-0c02bc5 e-flex e-con-boxed e-con e-parent\" data-id=\"0c02bc5\" data-element_type=\"container\" data-settings=\"{&quot;motion_fx_motion_fx_mouse&quot;:&quot;yes&quot;,&quot;animation&quot;:&quot;none&quot;}\">\n\t\t\t\t\t<div class=\"e-con-inner\">\n\t\t<div class=\"elementor-element elementor-element-2f48afe e-con-full e-flex e-con e-child\" data-id=\"2f48afe\" data-element_type=\"container\">\n\t\t\t\t<div class=\"elementor-element elementor-element-9172930 elementor-widget elementor-widget-heading\" data-id=\"9172930\" data-element_type=\"widget\" data-widget_type=\"heading.default\">\n\t\t\t\t\t<p class=\"elementor-heading-title elementor-size-xl\">Opciones de transporte para visitantes en grupo<\/p>\t\t\t\t<\/div>\n\t\t\t\t<div class=\"elementor-element elementor-element-22d17e8 elementor-widget elementor-widget-text-editor\" data-id=\"22d17e8\" data-element_type=\"widget\" data-widget_type=\"text-editor.default\">\n\t\t\t\t\t\t\t\t\t<p data-start=\"6618\" data-end=\"6965\">Cuando viaj\u00e1is en grupo (familias, amigos, parejas con peques, escapadas de finde), la log\u00edstica se complica r\u00e1pido: maletas, horarios diferentes, \u201cyo quiero pasar por aqu\u00ed\u201d, \u201cyo necesito parar\u201d, \u201cyo voy con carrito\u201d\u2026 Por eso, organizamos el servicio con cabeza: n\u00famero de personas, equipaje y planificaci\u00f3n del trayecto seg\u00fan vuestro plan real.<\/p><p data-start=\"6967\" data-end=\"7349\">En ElTaxi 033 solemos ayudar mucho a grupos que vienen a Vejer a desconectar, pero tambi\u00e9n a quienes se mueven entre playa, alojamiento y cenas. Si sois varios, lo ideal es avisar con antelaci\u00f3n para ajustar el tipo de veh\u00edculo seg\u00fan disponibilidad y evitar sorpresas. Y si llev\u00e1is equipaje extra (maletas grandes, tablas, cosas de playa), tambi\u00e9n conviene comentarlo al reservar.<\/p><p data-start=\"7351\" data-end=\"7642\">Adem\u00e1s, cuando hay visitantes que no conocen la zona, un traslado privado evita p\u00e9rdidas, discusiones con el GPS o llegar tarde a una reserva. Y seamos honestos: ir todos juntos, sin estr\u00e9s, suele ser la forma m\u00e1s c\u00f3moda de moverse. Si te encaja, cu\u00e9ntanos vuestro plan y lo dejamos cerrado.<\/p>\t\t\t\t\t\t\t\t<\/div>\n\t\t\t\t<\/div>\n\t\t\t\t\t<\/div>\n\t\t\t\t<\/div>\n\t\t<div class=\"elementor-element elementor-element-73a43ac e-flex e-con-boxed e-con e-parent\" data-id=\"73a43ac\" data-element_type=\"container\" data-settings=\"{&quot;animation&quot;:&quot;none&quot;}\">\n\t\t\t\t\t<div class=\"e-con-inner\">\n\t\t<div class=\"elementor-element elementor-element-713d748 e-con-full e-flex e-con e-child\" data-id=\"713d748\" data-element_type=\"container\">\n\t\t\t\t<div class=\"elementor-element elementor-element-3beea48 elementor-widget elementor-widget-heading\" data-id=\"3beea48\" data-element_type=\"widget\" data-widget_type=\"heading.default\">\n\t\t\t\t\t<h2 class=\"elementor-heading-title elementor-size-xl\">Disponibilidad ampliada en temporada estival<\/h2>\t\t\t\t<\/div>\n\t\t\t\t<div class=\"elementor-element elementor-element-c54fe40 elementor-widget elementor-widget-text-editor\" data-id=\"c54fe40\" data-element_type=\"widget\" data-widget_type=\"text-editor.default\">\n\t\t\t\t\t\t\t\t\t<p data-start=\"7698\" data-end=\"8076\">El verano en la zona se nota en todo: m\u00e1s movimiento, m\u00e1s tr\u00e1fico y m\u00e1s demanda a ciertas horas (playa por la ma\u00f1ana, cenas y salidas por la noche, cambios de alojamiento los fines de semana). En esos momentos, lo que marca la diferencia es <strong data-start=\"7939\" data-end=\"7953\">planificar<\/strong>. Por eso insistimos tanto en la reserva: te garantiza que tienes el servicio cuando lo necesitas y no cuando \u201cse pueda\u201d.<\/p><p data-start=\"8078\" data-end=\"8448\">En ElTaxi 033 reforzamos la organizaci\u00f3n en temporada estival para cubrir traslados frecuentes: idas y vueltas a la playa, conexiones con municipios cercanos, recogidas en alojamientos y desplazamientos nocturnos. Tambi\u00e9n es cuando m\u00e1s se agradece la puntualidad: nadie quiere perder el atardecer, llegar tarde a una cena o quedarse sin transporte al salir de un plan.<\/p><p data-start=\"8450\" data-end=\"8725\">Un consejo muy real: si tu idea es moverte en horas punta (mediod\u00eda, tarde-noche, fines de semana), reserva con margen. Y si est\u00e1s de vacaciones, mejor a\u00fan: deja la vuelta cerrada y olv\u00eddate del \u201cya veremos\u201d. As\u00ed el viaje es c\u00f3modo, seguro y sin improvisaciones innecesarias.<\/p>\t\t\t\t\t\t\t\t<\/div>\n\t\t\t\t<\/div>\n\t\t<div class=\"elementor-element elementor-element-8f27220 e-con-full elementor-hidden-mobile e-flex e-con e-child\" data-id=\"8f27220\" data-element_type=\"container\">\n\t\t\t\t<div class=\"elementor-element elementor-element-b526e5e elementor-widget elementor-widget-image\" data-id=\"b526e5e\" data-element_type=\"widget\" data-widget_type=\"image.default\">\n\t\t\t\t\t\t\t\t\t\t\t\t\t\t\t<img decoding=\"async\" width=\"600\" height=\"347\" src=\"https:\/\/eltaxi033.com\/cadiz\/wp-content\/uploads\/sites\/11\/2025\/07\/Taxi_blanco.png\" class=\"attachment-large size-large wp-image-49\" alt=\"Taxi blanco.png\" srcset=\"https:\/\/eltaxi033.com\/cadiz\/wp-content\/uploads\/sites\/11\/2025\/07\/Taxi_blanco.png 600w, https:\/\/eltaxi033.com\/cadiz\/wp-content\/uploads\/sites\/11\/2025\/07\/Taxi_blanco-300x174.png 300w\" sizes=\"(max-width: 600px) 100vw, 600px\" \/>\t\t\t\t\t\t\t\t\t\t\t\t\t\t\t<\/div>\n\t\t\t\t<\/div>\n\t\t\t\t\t<\/div>\n\t\t\t\t<\/div>\n\t\t<div class=\"elementor-element elementor-element-543f82e e-flex e-con-boxed e-con e-parent\" data-id=\"543f82e\" data-element_type=\"container\">\n\t\t\t\t\t<div class=\"e-con-inner\">\n\t\t\t\t<div class=\"elementor-element elementor-element-3264793 elementor-widget elementor-widget-heading\" data-id=\"3264793\" data-element_type=\"widget\" data-widget_type=\"heading.default\">\n\t\t\t\t\t<h2 class=\"elementor-heading-title elementor-size-xl\">Referencia de tarifas habituales en Vejer<\/h2>\t\t\t\t<\/div>\n\t\t\t\t<div class=\"elementor-element elementor-element-7905ac9 elementor-widget elementor-widget-text-editor\" data-id=\"7905ac9\" data-element_type=\"widget\" data-widget_type=\"text-editor.default\">\n\t\t\t\t\t\t\t\t\t<p data-start=\"8778\" data-end=\"9175\">En una zona como Vejer, las tarifas dependen sobre todo de la <strong data-start=\"8840\" data-end=\"8853\">distancia<\/strong>, el <strong data-start=\"8858\" data-end=\"8869\">horario<\/strong>, el tr\u00e1fico y si hay condiciones espec\u00edficas del trayecto (paradas, esperas, peajes si aplican, etc.). Por eso, m\u00e1s que prometer cifras \u201ca ojo\u201d, lo m\u00e1s \u00fatil es darte una orientaci\u00f3n clara antes de salir: nos dices origen, destino y hora, y te indicamos el precio aproximado o la estimaci\u00f3n del trayecto.<\/p><p data-start=\"9177\" data-end=\"9491\">Los trayectos urbanos o cercanos suelen ser m\u00e1s directos, mientras que los interurbanos (por ejemplo, hacia Conil, Barbate, conexiones con estaciones o aeropuertos) se calculan con m\u00e1s variables. Tambi\u00e9n influye si es un servicio nocturno, si hay alta demanda en temporada o si necesitas un servicio con paradas.<\/p><p data-start=\"9493\" data-end=\"9830\">Nuestra recomendaci\u00f3n: cuando reserves, comenta todos los detalles (n\u00famero de pasajeros, equipaje, horario, ida y vuelta). As\u00ed te damos una orientaci\u00f3n m\u00e1s ajustada y evitas sorpresas. La idea es que sepas d\u00f3nde te metes desde el minuto uno: transporte c\u00f3modo, claro y bien organizado para moverte por Vejer de la Frontera y alrededores.<\/p>\t\t\t\t\t\t\t\t<\/div>\n\t\t\t\t\t<\/div>\n\t\t\t\t<\/div>\n\t\t\t\t<\/div>\n\t\t","protected":false},"excerpt":{"rendered":"<p>Taxi Vejer de la Frontera Taxi C\u00e1diz Tel\u00e9fono: 856 626 033 Pide tu taxi ahora Tu taxi Whatsapp Movilidad personalizada en Vejer durante todo el a\u00f1o En Vejer no todos los trayectos son \u201cde A a B\u201d y ya. Aqu\u00ed influye el casco hist\u00f3rico, las cuestas, los accesos a urbanizaciones y el t\u00edpico \u201cllego tarde [&hellip;]<\/p>\n","protected":false},"author":3,"featured_media":0,"parent":0,"menu_order":0,"comment_status":"closed","ping_status":"closed","template":"elementor_header_footer","meta":{"_joinchat":[],"footnotes":""},"class_list":["post-372","page","type-page","status-publish","hentry"],"_links":{"self":[{"href":"https:\/\/eltaxi033.com\/cadiz\/wp-json\/wp\/v2\/pages\/372","targetHints":{"allow":["GET"]}}],"collection":[{"href":"https:\/\/eltaxi033.com\/cadiz\/wp-json\/wp\/v2\/pages"}],"about":[{"href":"https:\/\/eltaxi033.com\/cadiz\/wp-json\/wp\/v2\/types\/page"}],"author":[{"embeddable":true,"href":"https:\/\/eltaxi033.com\/cadiz\/wp-json\/wp\/v2\/users\/3"}],"replies":[{"embeddable":true,"href":"https:\/\/eltaxi033.com\/cadiz\/wp-json\/wp\/v2\/comments?post=372"}],"version-history":[{"count":17,"href":"https:\/\/eltaxi033.com\/cadiz\/wp-json\/wp\/v2\/pages\/372\/revisions"}],"predecessor-version":[{"id":482,"href":"https:\/\/eltaxi033.com\/cadiz\/wp-json\/wp\/v2\/pages\/372\/revisions\/482"}],"wp:attachment":[{"href":"https:\/\/eltaxi033.com\/cadiz\/wp-json\/wp\/v2\/media?parent=372"}],"curies":[{"name":"wp","href":"https:\/\/api.w.org\/{rel}","templated":true}]}}