{"id":244,"date":"2026-02-24T17:59:39","date_gmt":"2026-02-24T16:59:39","guid":{"rendered":"https:\/\/eltaxi033.com\/cadiz\/?page_id=244"},"modified":"2026-03-10T14:02:22","modified_gmt":"2026-03-10T13:02:22","slug":"taxi-conil-de-la-frontera","status":"publish","type":"page","link":"https:\/\/eltaxi033.com\/cadiz\/taxi-conil-de-la-frontera\/","title":{"rendered":"Taxi Conil de la Frontera"},"content":{"rendered":"\t\t<div data-elementor-type=\"wp-page\" data-elementor-id=\"244\" class=\"elementor elementor-244\" data-elementor-post-type=\"page\">\n\t\t\t\t<div class=\"elementor-element elementor-element-53e7329 elementor-hidden-tablet elementor-hidden-mobile e-flex e-con-boxed e-con e-parent\" data-id=\"53e7329\" data-element_type=\"container\" data-settings=\"{&quot;background_background&quot;:&quot;classic&quot;}\">\n\t\t\t\t\t<div class=\"e-con-inner\">\n\t\t\t\t<div class=\"elementor-element elementor-element-373fd9f elementor-widget elementor-widget-heading\" data-id=\"373fd9f\" data-element_type=\"widget\" data-settings=\"{&quot;_animation&quot;:&quot;none&quot;}\" data-widget_type=\"heading.default\">\n\t\t\t\t\t<h1 class=\"elementor-heading-title elementor-size-xxl\">Taxi Conil de la Frontera<\/h1>\t\t\t\t<\/div>\n\t\t\t\t<div class=\"elementor-element elementor-element-f166d0a elementor-widget elementor-widget-heading\" data-id=\"f166d0a\" data-element_type=\"widget\" data-settings=\"{&quot;_animation&quot;:&quot;none&quot;}\" data-widget_type=\"heading.default\">\n\t\t\t\t\t<p class=\"elementor-heading-title elementor-size-large\"><a href=\"tel:856626033\">Taxi C\u00e1diz Tel\u00e9fono: 856 626 033<\/a><\/p>\t\t\t\t<\/div>\n\t\t<div class=\"elementor-element elementor-element-f8cb2b8 e-flex e-con-boxed e-con e-child\" data-id=\"f8cb2b8\" data-element_type=\"container\" data-settings=\"{&quot;animation&quot;:&quot;none&quot;}\">\n\t\t\t\t\t<div class=\"e-con-inner\">\n\t\t<div class=\"elementor-element elementor-element-7b2a571 e-flex e-con-boxed e-con e-child\" data-id=\"7b2a571\" data-element_type=\"container\">\n\t\t\t\t\t<div class=\"e-con-inner\">\n\t\t\t\t<div class=\"elementor-element elementor-element-3597909 elementor-align-center elementor-widget elementor-widget-button\" data-id=\"3597909\" data-element_type=\"widget\" data-widget_type=\"button.default\">\n\t\t\t\t\t\t\t\t\t\t<a class=\"elementor-button elementor-button-link elementor-size-xl\" href=\"tel:\/\/856626033\">\n\t\t\t\t\t\t<span class=\"elementor-button-content-wrapper\">\n\t\t\t\t\t\t<span class=\"elementor-button-icon\">\n\t\t\t\t<svg aria-hidden=\"true\" class=\"e-font-icon-svg e-fas-phone-volume\" viewBox=\"0 0 384 512\" xmlns=\"http:\/\/www.w3.org\/2000\/svg\"><path d=\"M97.333 506.966c-129.874-129.874-129.681-340.252 0-469.933 5.698-5.698 14.527-6.632 21.263-2.422l64.817 40.513a17.187 17.187 0 0 1 6.849 20.958l-32.408 81.021a17.188 17.188 0 0 1-17.669 10.719l-55.81-5.58c-21.051 58.261-20.612 122.471 0 179.515l55.811-5.581a17.188 17.188 0 0 1 17.669 10.719l32.408 81.022a17.188 17.188 0 0 1-6.849 20.958l-64.817 40.513a17.19 17.19 0 0 1-21.264-2.422zM247.126 95.473c11.832 20.047 11.832 45.008 0 65.055-3.95 6.693-13.108 7.959-18.718 2.581l-5.975-5.726c-3.911-3.748-4.793-9.622-2.261-14.41a32.063 32.063 0 0 0 0-29.945c-2.533-4.788-1.65-10.662 2.261-14.41l5.975-5.726c5.61-5.378 14.768-4.112 18.718 2.581zm91.787-91.187c60.14 71.604 60.092 175.882 0 247.428-4.474 5.327-12.53 5.746-17.552.933l-5.798-5.557c-4.56-4.371-4.977-11.529-.93-16.379 49.687-59.538 49.646-145.933 0-205.422-4.047-4.85-3.631-12.008.93-16.379l5.798-5.557c5.022-4.813 13.078-4.394 17.552.933zm-45.972 44.941c36.05 46.322 36.108 111.149 0 157.546-4.39 5.641-12.697 6.251-17.856 1.304l-5.818-5.579c-4.4-4.219-4.998-11.095-1.285-15.931 26.536-34.564 26.534-82.572 0-117.134-3.713-4.836-3.115-11.711 1.285-15.931l5.818-5.579c5.159-4.947 13.466-4.337 17.856 1.304z\"><\/path><\/svg>\t\t\t<\/span>\n\t\t\t\t\t\t\t\t\t<span class=\"elementor-button-text\">Pide tu taxi ahora<\/span>\n\t\t\t\t\t<\/span>\n\t\t\t\t\t<\/a>\n\t\t\t\t\t\t\t\t<\/div>\n\t\t\t\t\t<\/div>\n\t\t\t\t<\/div>\n\t\t<div class=\"elementor-element elementor-element-15cbe85 e-flex e-con-boxed e-con e-child\" data-id=\"15cbe85\" data-element_type=\"container\">\n\t\t\t\t\t<div class=\"e-con-inner\">\n\t\t\t\t<div class=\"elementor-element elementor-element-ecf1df3 elementor-align-center elementor-widget elementor-widget-button\" data-id=\"ecf1df3\" data-element_type=\"widget\" data-widget_type=\"button.default\">\n\t\t\t\t\t\t\t\t\t\t<a class=\"elementor-button elementor-button-link elementor-size-xl\" href=\"https:\/\/wa.me\/34856626033\" target=\"_blank\" rel=\"noopener\">\n\t\t\t\t\t\t<span class=\"elementor-button-content-wrapper\">\n\t\t\t\t\t\t<span class=\"elementor-button-icon\">\n\t\t\t\t<svg aria-hidden=\"true\" class=\"e-font-icon-svg e-fab-whatsapp\" viewBox=\"0 0 448 512\" xmlns=\"http:\/\/www.w3.org\/2000\/svg\"><path d=\"M380.9 97.1C339 55.1 283.2 32 223.9 32c-122.4 0-222 99.6-222 222 0 39.1 10.2 77.3 29.6 111L0 480l117.7-30.9c32.4 17.7 68.9 27 106.1 27h.1c122.3 0 224.1-99.6 224.1-222 0-59.3-25.2-115-67.1-157zm-157 341.6c-33.2 0-65.7-8.9-94-25.7l-6.7-4-69.8 18.3L72 359.2l-4.4-7c-18.5-29.4-28.2-63.3-28.2-98.2 0-101.7 82.8-184.5 184.6-184.5 49.3 0 95.6 19.2 130.4 54.1 34.8 34.9 56.2 81.2 56.1 130.5 0 101.8-84.9 184.6-186.6 184.6zm101.2-138.2c-5.5-2.8-32.8-16.2-37.9-18-5.1-1.9-8.8-2.8-12.5 2.8-3.7 5.6-14.3 18-17.6 21.8-3.2 3.7-6.5 4.2-12 1.4-32.6-16.3-54-29.1-75.5-66-5.7-9.8 5.7-9.1 16.3-30.3 1.8-3.7.9-6.9-.5-9.7-1.4-2.8-12.5-30.1-17.1-41.2-4.5-10.8-9.1-9.3-12.5-9.5-3.2-.2-6.9-.2-10.6-.2-3.7 0-9.7 1.4-14.8 6.9-5.1 5.6-19.4 19-19.4 46.3 0 27.3 19.9 53.7 22.6 57.4 2.8 3.7 39.1 59.7 94.8 83.8 35.2 15.2 49 16.5 66.6 13.9 10.7-1.6 32.8-13.4 37.4-26.4 4.6-13 4.6-24.1 3.2-26.4-1.3-2.5-5-3.9-10.5-6.6z\"><\/path><\/svg>\t\t\t<\/span>\n\t\t\t\t\t\t\t\t\t<span class=\"elementor-button-text\">Tu taxi Whatsapp<\/span>\n\t\t\t\t\t<\/span>\n\t\t\t\t\t<\/a>\n\t\t\t\t\t\t\t\t<\/div>\n\t\t\t\t\t<\/div>\n\t\t\t\t<\/div>\n\t\t\t\t\t<\/div>\n\t\t\t\t<\/div>\n\t\t\t\t\t<\/div>\n\t\t\t\t<\/div>\n\t\t<div class=\"elementor-element elementor-element-5163dfe e-flex e-con-boxed e-con e-parent\" data-id=\"5163dfe\" data-element_type=\"container\">\n\t\t\t\t\t<div class=\"e-con-inner\">\n\t\t\t\t<div class=\"elementor-element elementor-element-18c92a3 elementor-widget elementor-widget-heading\" data-id=\"18c92a3\" data-element_type=\"widget\" data-widget_type=\"heading.default\">\n\t\t\t\t\t<h2 class=\"elementor-heading-title elementor-size-xl\">Servicio din\u00e1mico en Conil durante todo el a\u00f1o<\/h2>\t\t\t\t<\/div>\n\t\t\t\t<div class=\"elementor-element elementor-element-90d7169 elementor-widget elementor-widget-text-editor\" data-id=\"90d7169\" data-element_type=\"widget\" data-widget_type=\"text-editor.default\">\n\t\t\t\t\t\t\t\t\t<p data-start=\"51\" data-end=\"470\">En Conil la cosa cambia mucho seg\u00fan la \u00e9poca: no es lo mismo un martes de enero que un s\u00e1bado de julio con media playa buscando coche. Por eso, en <strong data-start=\"198\" data-end=\"212\">ElTaxi 033<\/strong> trabajamos con un servicio \u00e1gil y f\u00e1cil de activar para que siempre tengas una opci\u00f3n c\u00f3moda, tanto si eres de aqu\u00ed como si vienes de vacaciones. La idea es simple: que puedas moverte sin depender del aparcamiento, sin dar vueltas y sin \u201ca ver si pasa uno\u201d.<\/p><p data-start=\"472\" data-end=\"799\">Nuestro <strong data-start=\"480\" data-end=\"509\">Taxi Conil de la Frontera<\/strong> est\u00e1 pensado para el d\u00eda a d\u00eda real: recados, citas m\u00e9dicas, compras, recoger a alguien, ir al centro, volver a casa con bolsas, o salir temprano cuando no apetece conducir. Tambi\u00e9n para quien viene con ni\u00f1os, con carrito, o con equipaje, que al final es lo t\u00edpico en una casa de alquiler.<\/p><p data-start=\"801\" data-end=\"1078\">Puedes pedirlo al momento o dejarlo reservado. Y, si hay un pico fuerte (puentes, feria, fines de semana, verano), lo mejor es anticiparse: te ahorras esperas y te aseguras el horario. Nosotros coordinamos la recogida contigo, te confirmamos punto y listo: subes y vas directo.<\/p>\t\t\t\t\t\t\t\t<\/div>\n\t\t\t\t\t<\/div>\n\t\t\t\t<\/div>\n\t\t<div class=\"elementor-element elementor-element-1d3a2f7 e-flex e-con-boxed e-con e-parent\" data-id=\"1d3a2f7\" data-element_type=\"container\" data-settings=\"{&quot;animation&quot;:&quot;none&quot;}\">\n\t\t\t\t\t<div class=\"e-con-inner\">\n\t\t\t\t<div class=\"elementor-element elementor-element-a0aa649 elementor-widget elementor-widget-heading\" data-id=\"a0aa649\" data-element_type=\"widget\" data-widget_type=\"heading.default\">\n\t\t\t\t\t<h2 class=\"elementor-heading-title elementor-size-default\">Traslados a calas y zonas costeras<\/h2>\t\t\t\t<\/div>\n\t\t\t\t<div class=\"elementor-element elementor-element-aaee443 elementor-widget elementor-widget-image\" data-id=\"aaee443\" data-element_type=\"widget\" data-widget_type=\"image.default\">\n\t\t\t\t\t\t\t\t\t\t\t\t\t\t\t<img fetchpriority=\"high\" decoding=\"async\" width=\"900\" height=\"495\" src=\"https:\/\/eltaxi033.com\/cadiz\/wp-content\/uploads\/sites\/11\/2026\/02\/aerial-view-of-our-marina-1.webp\" class=\"attachment-1536x1536 size-1536x1536 wp-image-206\" alt=\"aerial view of our marina (1)\" srcset=\"https:\/\/eltaxi033.com\/cadiz\/wp-content\/uploads\/sites\/11\/2026\/02\/aerial-view-of-our-marina-1.webp 900w, https:\/\/eltaxi033.com\/cadiz\/wp-content\/uploads\/sites\/11\/2026\/02\/aerial-view-of-our-marina-1-300x165.webp 300w, https:\/\/eltaxi033.com\/cadiz\/wp-content\/uploads\/sites\/11\/2026\/02\/aerial-view-of-our-marina-1-768x422.webp 768w\" sizes=\"(max-width: 900px) 100vw, 900px\" \/>\t\t\t\t\t\t\t\t\t\t\t\t\t\t\t<\/div>\n\t\t\t\t<div class=\"elementor-element elementor-element-84926f0 elementor-widget elementor-widget-text-editor\" data-id=\"84926f0\" data-element_type=\"widget\" data-widget_type=\"text-editor.default\">\n\t\t\t\t\t\t\t\t\t<p data-start=\"1124\" data-end=\"1424\">Conil es playa y calas, y eso significa un mont\u00f3n de trayectos cortos pero muy \u201cpu\u00f1eteros\u201d en temporada alta: accesos con tr\u00e1fico, calles estrechas, zonas donde aparcar es misi\u00f3n imposible y caminatas bajo el sol con nevera y sombrilla. Ah\u00ed un taxi te soluciona la ma\u00f1ana (o la tarde) en dos minutos.<\/p><p data-start=\"1426\" data-end=\"1733\">Hacemos traslados a zonas de playa y puntos t\u00edpicos como el Paseo Mar\u00edtimo, Los Bateles, La Fontanilla, Fuente del Gallo y accesos a calas cercanas. Si vas cargado, si vas con peques o si simplemente quieres llegar sin estr\u00e9s, te recogemos donde est\u00e9s y te dejamos lo m\u00e1s cerca posible del acceso permitido.<\/p><p data-start=\"1735\" data-end=\"2007\">Adem\u00e1s, esto es muy de Conil: \u201cbajamos a la cala un rato y luego cenamos en el centro\u201d. Perfecto. Puedes hacer ida, o ida y vuelta con hora acordada, y as\u00ed no dependes de cobertura, ni de encontrar coche, ni de que alguien del grupo se sacrifique y no se tome una cerveza.<\/p>\t\t\t\t\t\t\t\t<\/div>\n\t\t\t\t\t<\/div>\n\t\t\t\t<\/div>\n\t\t<div class=\"elementor-element elementor-element-f9b35b0 e-flex e-con-boxed e-con e-parent\" data-id=\"f9b35b0\" data-element_type=\"container\" data-settings=\"{&quot;animation&quot;:&quot;none&quot;}\">\n\t\t\t\t\t<div class=\"e-con-inner\">\n\t\t<div class=\"elementor-element elementor-element-f0edc4f e-con-full e-flex e-con e-child\" data-id=\"f0edc4f\" data-element_type=\"container\">\n\t\t\t\t<div class=\"elementor-element elementor-element-3c388c7 elementor-widget elementor-widget-heading\" data-id=\"3c388c7\" data-element_type=\"widget\" data-widget_type=\"heading.default\">\n\t\t\t\t\t<h2 class=\"elementor-heading-title elementor-size-xl\">Conexi\u00f3n con el aeropuerto y estaciones pr\u00f3ximas<\/h2>\t\t\t\t<\/div>\n\t\t\t\t<div class=\"elementor-element elementor-element-4d7d140 elementor-widget elementor-widget-text-editor\" data-id=\"4d7d140\" data-element_type=\"widget\" data-widget_type=\"text-editor.default\">\n\t\t\t\t\t\t\t\t\t<p data-start=\"2067\" data-end=\"2439\">Cuando hay un vuelo por medio, lo que importa es llegar con margen. Conil no tiene aeropuerto al lado, as\u00ed que una buena planificaci\u00f3n marca la diferencia. Por eso cubrimos traslados hacia el <strong data-start=\"2259\" data-end=\"2282\">Aeropuerto de Jerez<\/strong> y conexiones con estaciones cercanas (seg\u00fan tu ruta y horarios), para que no tengas que ir encajando transportes ni cambiando de maletas de un sitio a otro.<\/p><p data-start=\"2441\" data-end=\"2770\">Con un <strong data-start=\"2448\" data-end=\"2477\">Taxi Conil de la Frontera<\/strong> vas puerta a puerta: te recogemos en tu alojamiento, calculamos el tiempo con tr\u00e1fico real (sobre todo en verano) y te llevamos directo. Si viajas con equipaje grande, familia o vienes con prisa, este tipo de traslado es el que m\u00e1s se agradece: un solo veh\u00edculo, sin esperas, sin transbordos.<\/p><p data-start=\"2772\" data-end=\"3050\">Tambi\u00e9n es muy com\u00fan el plan \u201cllego en tren a una estaci\u00f3n cercana y desde ah\u00ed me muevo\u201d. En esos casos, coordinamos recogida por hora de llegada (y si se retrasa, lo ajustamos). Lo importante es que t\u00fa tengas un trayecto continuo y c\u00f3modo, y que no empiece el viaje con estr\u00e9s.<\/p>\t\t\t\t\t\t\t\t<\/div>\n\t\t\t\t<\/div>\n\t\t<div class=\"elementor-element elementor-element-310261c e-con-full elementor-hidden-mobile e-flex e-con e-child\" data-id=\"310261c\" data-element_type=\"container\">\n\t\t\t\t<div class=\"elementor-element elementor-element-945beea elementor-widget elementor-widget-image\" data-id=\"945beea\" data-element_type=\"widget\" data-widget_type=\"image.default\">\n\t\t\t\t\t\t\t\t\t\t\t\t\t\t\t<img decoding=\"async\" width=\"800\" height=\"534\" src=\"https:\/\/eltaxi033.com\/cadiz\/wp-content\/uploads\/sites\/11\/2026\/02\/ChatGPT-Image-19-feb-2026-15_09_36-1024x683.png\" class=\"attachment-large size-large wp-image-164\" alt=\"ChatGPT Image 19 feb 2026, 15 09 36\" srcset=\"https:\/\/eltaxi033.com\/cadiz\/wp-content\/uploads\/sites\/11\/2026\/02\/ChatGPT-Image-19-feb-2026-15_09_36-1024x683.png 1024w, https:\/\/eltaxi033.com\/cadiz\/wp-content\/uploads\/sites\/11\/2026\/02\/ChatGPT-Image-19-feb-2026-15_09_36-300x200.png 300w, https:\/\/eltaxi033.com\/cadiz\/wp-content\/uploads\/sites\/11\/2026\/02\/ChatGPT-Image-19-feb-2026-15_09_36-768x512.png 768w, https:\/\/eltaxi033.com\/cadiz\/wp-content\/uploads\/sites\/11\/2026\/02\/ChatGPT-Image-19-feb-2026-15_09_36.png 1536w\" sizes=\"(max-width: 800px) 100vw, 800px\" \/>\t\t\t\t\t\t\t\t\t\t\t\t\t\t\t<\/div>\n\t\t\t\t<\/div>\n\t\t\t\t\t<\/div>\n\t\t\t\t<\/div>\n\t\t<div class=\"elementor-element elementor-element-960ba43 e-flex e-con-boxed e-con e-parent\" data-id=\"960ba43\" data-element_type=\"container\" data-settings=\"{&quot;motion_fx_motion_fx_mouse&quot;:&quot;yes&quot;,&quot;animation&quot;:&quot;none&quot;}\">\n\t\t\t\t\t<div class=\"e-con-inner\">\n\t\t<div class=\"elementor-element elementor-element-78df8a2 e-con-full e-flex e-con e-child\" data-id=\"78df8a2\" data-element_type=\"container\">\n\t\t\t\t<div class=\"elementor-element elementor-element-13ff775 elementor-widget elementor-widget-heading\" data-id=\"13ff775\" data-element_type=\"widget\" data-widget_type=\"heading.default\">\n\t\t\t\t\t<p class=\"elementor-heading-title elementor-size-xl\">Recogidas en alojamientos rurales y tur\u00edsticos<\/p>\t\t\t\t<\/div>\n\t\t\t\t<div class=\"elementor-element elementor-element-2e34ee1 elementor-widget elementor-widget-text-editor\" data-id=\"2e34ee1\" data-element_type=\"widget\" data-widget_type=\"text-editor.default\">\n\t\t\t\t\t\t\t\t\t<p data-start=\"3108\" data-end=\"3498\">Entre hoteles, apartamentos, chalets y casas rurales, Conil tiene alojamientos repartidos por todas partes. Y claro: no siempre est\u00e1s \u201cen el centro-centro\u201d. Muchas veces est\u00e1s en una urbanizaci\u00f3n, en un camino, o en una zona donde el GPS se l\u00eda y el aparcamiento brilla por su ausencia. Nosotros estamos acostumbrados a esas recogidas y a concretar bien el punto para que no pierdas tiempo.<\/p><p data-start=\"3500\" data-end=\"3889\">La clave est\u00e1 en la coordinaci\u00f3n: nos dices el nombre del alojamiento, una referencia clara (puerta, recepci\u00f3n, n\u00famero, o punto cercano), y confirmamos contigo. Si vienes con maletas, carrito, tablas o compras, vamos directos y sin historias. Este tipo de servicio es muy t\u00edpico para entradas y salidas de alojamiento: llegas cansado, con calor, y lo \u00faltimo que quieres es cargar con todo.<\/p><p data-start=\"3891\" data-end=\"4094\">Y si vienes en grupo, tambi\u00e9n: mejor un viaje organizado que cinco personas intentando cuadrar coches. En <strong data-start=\"3997\" data-end=\"4011\">ElTaxi 033<\/strong> lo enfocamos a que sea f\u00e1cil, puntual y sin complicaciones desde el primer minuto.<\/p>\t\t\t\t\t\t\t\t<\/div>\n\t\t\t\t<\/div>\n\t\t\t\t\t<\/div>\n\t\t\t\t<\/div>\n\t\t<div class=\"elementor-element elementor-element-b222cd8 e-flex e-con-boxed e-con e-parent\" data-id=\"b222cd8\" data-element_type=\"container\">\n\t\t\t\t\t<div class=\"e-con-inner\">\n\t\t<div class=\"elementor-element elementor-element-06058a9 e-con-full e-flex e-con e-child\" data-id=\"06058a9\" data-element_type=\"container\">\n\t\t\t\t<div class=\"elementor-element elementor-element-796411a elementor-widget elementor-widget-image\" data-id=\"796411a\" data-element_type=\"widget\" data-settings=\"{&quot;_animation&quot;:&quot;none&quot;}\" data-widget_type=\"image.default\">\n\t\t\t\t\t\t\t\t\t\t\t\t\t\t\t<img decoding=\"async\" width=\"600\" height=\"347\" src=\"https:\/\/eltaxi033.com\/cadiz\/wp-content\/uploads\/sites\/11\/2025\/07\/Taxi_blanco.png\" class=\"attachment-large size-large wp-image-49\" alt=\"Taxi blanco.png\" srcset=\"https:\/\/eltaxi033.com\/cadiz\/wp-content\/uploads\/sites\/11\/2025\/07\/Taxi_blanco.png 600w, https:\/\/eltaxi033.com\/cadiz\/wp-content\/uploads\/sites\/11\/2025\/07\/Taxi_blanco-300x174.png 300w\" sizes=\"(max-width: 600px) 100vw, 600px\" \/>\t\t\t\t\t\t\t\t\t\t\t\t\t\t\t<\/div>\n\t\t\t\t<\/div>\n\t\t<div class=\"elementor-element elementor-element-ed40db2 e-con-full e-flex e-con e-child\" data-id=\"ed40db2\" data-element_type=\"container\" data-settings=\"{&quot;animation&quot;:&quot;none&quot;}\">\n\t\t\t\t<div class=\"elementor-element elementor-element-fca6bb3 elementor-widget elementor-widget-heading\" data-id=\"fca6bb3\" data-element_type=\"widget\" data-widget_type=\"heading.default\">\n\t\t\t\t\t<h2 class=\"elementor-heading-title elementor-size-default\">Movilidad nocturna en temporada estival<\/h2>\t\t\t\t<\/div>\n\t\t\t\t<div class=\"elementor-element elementor-element-098867f elementor-widget elementor-widget-text-editor\" data-id=\"098867f\" data-element_type=\"widget\" data-widget_type=\"text-editor.default\">\n\t\t\t\t\t\t\t\t\t<p data-start=\"4145\" data-end=\"4498\">En verano, Conil cambia el ritmo: cenas largas, conciertos, terrazas, beach bars y ese \u201cnos tomamos la \u00faltima y volvemos\u201d. El problema es que por la noche el tr\u00e1fico y la demanda se disparan, y conducir se vuelve un plan poco apetecible (y poco seguro si has bebido). Ah\u00ed entra la movilidad nocturna: un taxi que te recoge, te deja y te quita el marr\u00f3n.<\/p><p data-start=\"4500\" data-end=\"4772\">Nosotros cubrimos desplazamientos nocturnos para volver al alojamiento sin depender del coche, especialmente en fines de semana y meses fuertes. Es ideal si est\u00e1s en una zona apartada, si te mueves en grupo o si simplemente quieres disfrutar sin estar pendiente del reloj.<\/p><p data-start=\"4774\" data-end=\"5082\">Consejo realista: si sabes que vas a salir en temporada alta, reserva con antelaci\u00f3n la vuelta o al menos define una franja. Te evitar\u00e1 esperas y te dar\u00e1 tranquilidad. Y si vas con amigos, sale mejor de lo que parece: divid\u00eds el trayecto y todo el mundo llega a casa sin discusiones ni \u201ca ver qui\u00e9n conduce\u201d.<\/p>\t\t\t\t\t\t\t\t<\/div>\n\t\t\t\t<\/div>\n\t\t\t\t\t<\/div>\n\t\t\t\t<\/div>\n\t\t<div class=\"elementor-element elementor-element-dce09ec e-flex e-con-boxed e-con e-parent\" data-id=\"dce09ec\" data-element_type=\"container\" data-settings=\"{&quot;animation&quot;:&quot;none&quot;}\">\n\t\t\t\t\t<div class=\"e-con-inner\">\n\t\t\t\t<div class=\"elementor-element elementor-element-0030921 elementor-widget elementor-widget-heading\" data-id=\"0030921\" data-element_type=\"widget\" data-widget_type=\"heading.default\">\n\t\t\t\t\t<h2 class=\"elementor-heading-title elementor-size-default\">Viajes interurbanos hacia C\u00e1diz y Chiclana<\/h2>\t\t\t\t<\/div>\n\t\t\t\t<div class=\"elementor-element elementor-element-6806797 elementor-widget elementor-widget-image\" data-id=\"6806797\" data-element_type=\"widget\" data-widget_type=\"image.default\">\n\t\t\t\t\t\t\t\t\t\t\t\t\t\t\t<img loading=\"lazy\" decoding=\"async\" width=\"2560\" height=\"1440\" src=\"https:\/\/eltaxi033.com\/cadiz\/wp-content\/uploads\/sites\/11\/2026\/02\/2T8471R201.webp\" class=\"attachment-full size-full wp-image-198\" alt=\"2T8471R(1)\" srcset=\"https:\/\/eltaxi033.com\/cadiz\/wp-content\/uploads\/sites\/11\/2026\/02\/2T8471R201.webp 2560w, https:\/\/eltaxi033.com\/cadiz\/wp-content\/uploads\/sites\/11\/2026\/02\/2T8471R201-300x169.webp 300w, https:\/\/eltaxi033.com\/cadiz\/wp-content\/uploads\/sites\/11\/2026\/02\/2T8471R201-1024x576.webp 1024w, https:\/\/eltaxi033.com\/cadiz\/wp-content\/uploads\/sites\/11\/2026\/02\/2T8471R201-768x432.webp 768w, https:\/\/eltaxi033.com\/cadiz\/wp-content\/uploads\/sites\/11\/2026\/02\/2T8471R201-1536x864.webp 1536w, https:\/\/eltaxi033.com\/cadiz\/wp-content\/uploads\/sites\/11\/2026\/02\/2T8471R201-2048x1152.webp 2048w\" sizes=\"(max-width: 2560px) 100vw, 2560px\" \/>\t\t\t\t\t\t\t\t\t\t\t\t\t\t\t<\/div>\n\t\t\t\t<div class=\"elementor-element elementor-element-0887113 elementor-widget elementor-widget-text-editor\" data-id=\"0887113\" data-element_type=\"widget\" data-widget_type=\"text-editor.default\">\n\t\t\t\t\t\t\t\t\t<p data-start=\"4536\" data-end=\"4856\">Bodas, comuniones, cenas grandes, fiestas, eventos en fincas, quedadas de amigos\u2026 Cuando hay celebraci\u00f3n, lo \u00faltimo que apetece es estar pendiente del coche. Con un <strong data-start=\"5690\" data-end=\"5707\">Taxi Chipiona<\/strong>, te mueves sin preocuparte por d\u00f3nde aparcar, si vas a poder beber una copa o si vas a encontrar a alguien que te recoja.<br data-start=\"5829\" data-end=\"5832\" \/>Este servicio lo piden mucho grupos que salen a cenar y luego se animan a alargar la noche, o familias que van con ni\u00f1os y quieren volver a casa sin prisas. Tambi\u00e9n es muy t\u00edpico en verano: cena cerca del paseo, helado, paseo nocturno\u2026 y a la vuelta, taxi para no discutir por el coche ni hacer caminatas eternas.<br data-start=\"6145\" data-end=\"6148\" \/>Si el evento tiene hora de inicio (ceremonia, cita, concierto), lo ideal es reservar con tiempo y as\u00ed ajustamos recogida y ruta. Y si sales \u201ccuando termines\u201d, tambi\u00e9n podemos organizar recogida para que no te quedes esperando m\u00e1s de la cuenta.<\/p>\t\t\t\t\t\t\t\t<\/div>\n\t\t\t\t\t<\/div>\n\t\t\t\t<\/div>\n\t\t<div class=\"elementor-element elementor-element-0c02bc5 e-flex e-con-boxed e-con e-parent\" data-id=\"0c02bc5\" data-element_type=\"container\" data-settings=\"{&quot;motion_fx_motion_fx_mouse&quot;:&quot;yes&quot;,&quot;animation&quot;:&quot;none&quot;}\">\n\t\t\t\t\t<div class=\"e-con-inner\">\n\t\t<div class=\"elementor-element elementor-element-2f48afe e-con-full e-flex e-con e-child\" data-id=\"2f48afe\" data-element_type=\"container\">\n\t\t\t\t<div class=\"elementor-element elementor-element-9172930 elementor-widget elementor-widget-heading\" data-id=\"9172930\" data-element_type=\"widget\" data-widget_type=\"heading.default\">\n\t\t\t\t\t<p class=\"elementor-heading-title elementor-size-xl\">Opciones de transporte para grupos de viajeros<\/p>\t\t\t\t<\/div>\n\t\t\t\t<div class=\"elementor-element elementor-element-22d17e8 elementor-widget elementor-widget-text-editor\" data-id=\"22d17e8\" data-element_type=\"widget\" data-widget_type=\"text-editor.default\">\n\t\t\t\t\t\t\t\t\t<p data-start=\"6115\" data-end=\"6386\">Cuando viaj\u00e1is 4, 5, 6 o m\u00e1s, el taxi es la forma m\u00e1s c\u00f3moda de moveros sin partir el grupo ni duplicar problemas. En ElTaxi 033 contamos con opciones para <strong data-start=\"6271\" data-end=\"6292\">familias y grupos<\/strong>, especialmente \u00fatiles si ven\u00eds con maletas, carritos, neveras de playa o equipaje voluminoso.<\/p><p data-start=\"6388\" data-end=\"6680\">Esto se nota mucho en d\u00edas de llegada y salida: check-in, check-out, horarios ajustados y \u201cvamos todos con las maletas a cuestas\u201d. En lugar de dos coches y coordinaci\u00f3n, un veh\u00edculo amplio (cuando est\u00e1 disponible) os soluciona el traslado de una. Y adem\u00e1s, el grupo llega junto, sin perderse.<\/p><p data-start=\"6682\" data-end=\"7036\">Para que todo vaya fino, lo mejor es avisar al reservar: cu\u00e1ntas personas sois y cu\u00e1nto equipaje llev\u00e1is. As\u00ed asignamos el veh\u00edculo adecuado y no hay sorpresas. Y si sois varios y quer\u00e9is hacer un recorrido con paradas (por ejemplo, pasar a recoger a alguien, o parar un momento), se puede planificar. Lo importante es que el viaje sea pr\u00e1ctico y c\u00f3modo.<\/p>\t\t\t\t\t\t\t\t<\/div>\n\t\t\t\t<\/div>\n\t\t\t\t\t<\/div>\n\t\t\t\t<\/div>\n\t\t<div class=\"elementor-element elementor-element-73a43ac e-flex e-con-boxed e-con e-parent\" data-id=\"73a43ac\" data-element_type=\"container\" data-settings=\"{&quot;animation&quot;:&quot;none&quot;}\">\n\t\t\t\t\t<div class=\"e-con-inner\">\n\t\t<div class=\"elementor-element elementor-element-713d748 e-con-full e-flex e-con e-child\" data-id=\"713d748\" data-element_type=\"container\">\n\t\t\t\t<div class=\"elementor-element elementor-element-3beea48 elementor-widget elementor-widget-heading\" data-id=\"3beea48\" data-element_type=\"widget\" data-widget_type=\"heading.default\">\n\t\t\t\t\t<h2 class=\"elementor-heading-title elementor-size-xl\">Coordinaci\u00f3n para celebraciones y eventos privados<\/h2>\t\t\t\t<\/div>\n\t\t\t\t<div class=\"elementor-element elementor-element-c54fe40 elementor-widget elementor-widget-text-editor\" data-id=\"c54fe40\" data-element_type=\"widget\" data-widget_type=\"text-editor.default\">\n\t\t\t\t\t\t\t\t\t<p data-start=\"7098\" data-end=\"7393\">Bodas, comuniones, cumplea\u00f1os, cenas de empresa, eventos en fincas, quedadas grandes\u2026 En Conil y alrededores este tipo de planes se multiplican en primavera y verano. Y siempre pasa lo mismo: al final lo m\u00e1s dif\u00edcil no es el evento, es la log\u00edstica de c\u00f3mo llega y c\u00f3mo vuelve la gente sin l\u00edos.<\/p><p data-start=\"7395\" data-end=\"7759\">Aqu\u00ed ofrecemos coordinaci\u00f3n para traslados de invitados, parejas, familias y grupos, con horarios acordados y puntos de recogida claros. Si hay varias salidas desde diferentes alojamientos, se pueden organizar ventanas de recogida para que todo fluya. Y para la vuelta, que es cuando m\u00e1s se agradece, podemos dejarla cerrada por franjas para evitar esperas largas.<\/p><p data-start=\"7761\" data-end=\"8102\">Adem\u00e1s, en eventos privados la puntualidad es clave: nadie quiere llegar tarde a una ceremonia o perderse la entrada. Por eso trabajamos con margen, referencias de ubicaci\u00f3n y confirmaci\u00f3n previa. Si nos dices el plan (hora, lugar, n\u00famero de personas), nosotros te ayudamos a que el transporte sea lo \u00faltimo de lo que tengas que preocuparte.<\/p>\t\t\t\t\t\t\t\t<\/div>\n\t\t\t\t<\/div>\n\t\t<div class=\"elementor-element elementor-element-8f27220 e-con-full elementor-hidden-mobile e-flex e-con e-child\" data-id=\"8f27220\" data-element_type=\"container\">\n\t\t\t\t<div class=\"elementor-element elementor-element-b526e5e elementor-widget elementor-widget-image\" data-id=\"b526e5e\" data-element_type=\"widget\" data-widget_type=\"image.default\">\n\t\t\t\t\t\t\t\t\t\t\t\t\t\t\t<img loading=\"lazy\" decoding=\"async\" width=\"800\" height=\"534\" src=\"https:\/\/eltaxi033.com\/cadiz\/wp-content\/uploads\/sites\/11\/2026\/02\/these-people-are-happy-celebrate-together-playing-with-sparklers-rooftop-group-young-beautiful-friends-1024x683.jpg\" class=\"attachment-large size-large wp-image-239\" alt=\"These people are happy to celebrate together. Playing with sparklers on the rooftop. Group of young beautiful friends\" srcset=\"https:\/\/eltaxi033.com\/cadiz\/wp-content\/uploads\/sites\/11\/2026\/02\/these-people-are-happy-celebrate-together-playing-with-sparklers-rooftop-group-young-beautiful-friends-1024x683.jpg 1024w, https:\/\/eltaxi033.com\/cadiz\/wp-content\/uploads\/sites\/11\/2026\/02\/these-people-are-happy-celebrate-together-playing-with-sparklers-rooftop-group-young-beautiful-friends-300x200.jpg 300w, https:\/\/eltaxi033.com\/cadiz\/wp-content\/uploads\/sites\/11\/2026\/02\/these-people-are-happy-celebrate-together-playing-with-sparklers-rooftop-group-young-beautiful-friends-768x513.jpg 768w, https:\/\/eltaxi033.com\/cadiz\/wp-content\/uploads\/sites\/11\/2026\/02\/these-people-are-happy-celebrate-together-playing-with-sparklers-rooftop-group-young-beautiful-friends-1536x1025.jpg 1536w, https:\/\/eltaxi033.com\/cadiz\/wp-content\/uploads\/sites\/11\/2026\/02\/these-people-are-happy-celebrate-together-playing-with-sparklers-rooftop-group-young-beautiful-friends-2048x1367.jpg 2048w\" sizes=\"(max-width: 800px) 100vw, 800px\" \/>\t\t\t\t\t\t\t\t\t\t\t\t\t\t\t<\/div>\n\t\t\t\t<\/div>\n\t\t\t\t\t<\/div>\n\t\t\t\t<\/div>\n\t\t<div class=\"elementor-element elementor-element-543f82e e-flex e-con-boxed e-con e-parent\" data-id=\"543f82e\" data-element_type=\"container\">\n\t\t\t\t\t<div class=\"e-con-inner\">\n\t\t\t\t<div class=\"elementor-element elementor-element-3264793 elementor-widget elementor-widget-heading\" data-id=\"3264793\" data-element_type=\"widget\" data-widget_type=\"heading.default\">\n\t\t\t\t\t<h2 class=\"elementor-heading-title elementor-size-xl\">Previsi\u00f3n de costes en trayectos habituales<\/h2>\t\t\t\t<\/div>\n\t\t\t\t<div class=\"elementor-element elementor-element-7905ac9 elementor-widget elementor-widget-text-editor\" data-id=\"7905ac9\" data-element_type=\"widget\" data-widget_type=\"text-editor.default\">\n\t\t\t\t\t\t\t\t\t<p data-start=\"8157\" data-end=\"8432\">En una zona tur\u00edstica, la pregunta es normal: \u201c\u00bfcu\u00e1nto me va a costar m\u00e1s o menos?\u201d. Aunque la tarifa exacta depende de distancia, tr\u00e1fico, horario (d\u00eda\/noche), festivos y posibles suplementos, s\u00ed podemos darte una <strong data-start=\"8372\" data-end=\"8387\">orientaci\u00f3n<\/strong> para que te hagas una idea antes de moverte.<\/p><p data-start=\"8434\" data-end=\"8483\">Ejemplos habituales (aproximados y orientativos):<\/p><ul data-start=\"8484\" data-end=\"8805\"><li data-start=\"8484\" data-end=\"8593\"><p data-start=\"8486\" data-end=\"8593\">Conil \u2194 Chiclana: suele ser un trayecto interurbano frecuente, con coste medio que var\u00eda seg\u00fan hora y ruta.<\/p><\/li><li data-start=\"8594\" data-end=\"8698\"><p data-start=\"8596\" data-end=\"8698\">Conil \u2194 C\u00e1diz: m\u00e1s distancia y m\u00e1s dependencia del tr\u00e1fico, especialmente en verano y fines de semana.<\/p><\/li><li data-start=\"8699\" data-end=\"8805\"><p data-start=\"8701\" data-end=\"8805\">Conil \u2194 Aeropuerto de Jerez: traslado largo donde influye mucho la hora de salida y la carga de tr\u00e1fico.<\/p><\/li><\/ul><p data-start=\"8807\" data-end=\"9122\">Nuestra recomendaci\u00f3n: si te preocupa el presupuesto, pide estimaci\u00f3n al reservar y te decimos un rango razonable seg\u00fan tu punto exacto y el horario. Y si vas en grupo, recuerda que el coste se reparte y muchas veces sale m\u00e1s rentable que parece, sobre todo cuando sumas parking, gasolina, vueltas y tiempo perdido.<\/p>\t\t\t\t\t\t\t\t<\/div>\n\t\t\t\t\t<\/div>\n\t\t\t\t<\/div>\n\t\t\t\t<\/div>\n\t\t","protected":false},"excerpt":{"rendered":"<p>Taxi Conil de la Frontera Taxi C\u00e1diz Tel\u00e9fono: 856 626 033 Pide tu taxi ahora Tu taxi Whatsapp Servicio din\u00e1mico en Conil durante todo el a\u00f1o En Conil la cosa cambia mucho seg\u00fan la \u00e9poca: no es lo mismo un martes de enero que un s\u00e1bado de julio con media playa buscando coche. Por eso, [&hellip;]<\/p>\n","protected":false},"author":3,"featured_media":0,"parent":0,"menu_order":0,"comment_status":"closed","ping_status":"closed","template":"elementor_header_footer","meta":{"_joinchat":[],"footnotes":""},"class_list":["post-244","page","type-page","status-publish","hentry"],"_links":{"self":[{"href":"https:\/\/eltaxi033.com\/cadiz\/wp-json\/wp\/v2\/pages\/244","targetHints":{"allow":["GET"]}}],"collection":[{"href":"https:\/\/eltaxi033.com\/cadiz\/wp-json\/wp\/v2\/pages"}],"about":[{"href":"https:\/\/eltaxi033.com\/cadiz\/wp-json\/wp\/v2\/types\/page"}],"author":[{"embeddable":true,"href":"https:\/\/eltaxi033.com\/cadiz\/wp-json\/wp\/v2\/users\/3"}],"replies":[{"embeddable":true,"href":"https:\/\/eltaxi033.com\/cadiz\/wp-json\/wp\/v2\/comments?post=244"}],"version-history":[{"count":10,"href":"https:\/\/eltaxi033.com\/cadiz\/wp-json\/wp\/v2\/pages\/244\/revisions"}],"predecessor-version":[{"id":446,"href":"https:\/\/eltaxi033.com\/cadiz\/wp-json\/wp\/v2\/pages\/244\/revisions\/446"}],"wp:attachment":[{"href":"https:\/\/eltaxi033.com\/cadiz\/wp-json\/wp\/v2\/media?parent=244"}],"curies":[{"name":"wp","href":"https:\/\/api.w.org\/{rel}","templated":true}]}}